{"id":277,"date":"2022-09-27T21:18:22","date_gmt":"2022-09-27T19:18:22","guid":{"rendered":"https:\/\/www.rastotrnka.sk\/adatvedelmi-szabalyzat\/"},"modified":"2022-09-27T21:49:31","modified_gmt":"2022-09-27T19:49:31","slug":"adatvedelmi-szabalyzat","status":"publish","type":"page","link":"https:\/\/www.rastotrnka.sk\/hu\/adatvedelmi-szabalyzat\/","title":{"rendered":"Adatv\u00e9delmi szab\u00e1lyzat"},"content":{"rendered":"<h4>Az adatkezel\u0151 nyilatkozata a szem\u00e9lyes adatok feldolgoz\u00e1s\u00e1r\u00f3l<\/h4>\n<p>\u00c9n, <strong>Rastislav Trnka<\/strong>, mint adatkezel\u0151 (a tov\u00e1bbiakban: adatkezel\u0151) kijelentem, hogy az \u00e9rintettek jogainak v\u00e9delm\u00e9t biztos\u00edt\u00f3 megfelel\u0151 technikai \u00e9s szervez\u00e9si int\u00e9zked\u00e9seket megtettem, amelyek kijelentik a szem\u00e9lyes adatok jogszer\u0171 kezel\u00e9s\u00e9t. Az al\u00e1bbiakban a term\u00e9szetes szem\u00e9lyeknek a szem\u00e9lyes adatok kezel\u00e9se tekintet\u00e9ben t\u00f6rt\u00e9n\u0151 v\u00e9delm\u00e9r\u0151l \u00e9s az ilyen adatok szabad \u00e1raml\u00e1s\u00e1r\u00f3l, valamint a 95\/46\/EK ir\u00e1nyelv hat\u00e1lyon k\u00edv\u00fcl helyez\u00e9s\u00e9r\u0151l (\u00e1ltal\u00e1nos adatv\u00e9delmi rendelet) sz\u00f3l\u00f3 eur\u00f3pai parlamenti \u00e9s tan\u00e1csi rendelet (EU) 2016\/679, valamint a szem\u00e9lyes adatok v\u00e9delm\u00e9r\u0151l, valamint egyes t\u00f6rv\u00e9nyek m\u00f3dos\u00edt\u00e1s\u00e1r\u00f3l \u00e9s kieg\u00e9sz\u00edt\u00e9s\u00e9r\u0151l sz\u00f3l\u00f3 18\/2018. sz. t\u00f6rv\u00e9ny (a tov\u00e1bbiakban: adatv\u00e9delmi t\u00f6rv\u00e9ny) alapj\u00e1n ny\u00fajtunk t\u00e1j\u00e9koztat\u00e1st a szem\u00e9lyes adatok kezel\u00e9s\u00e9r\u0151l \u00e9s v\u00e9delm\u00e9r\u0151l. Sz\u00fcks\u00e9g eset\u00e9n, mint \u00e9rintett szem\u00e9ly szem\u00e9lyes inform\u00e1ci\u00f3kat is megtudhat e-mailben az <a href=\"mailto:info@rastotrnka.sk\">info@rastotrnka.sk<\/a> c\u00edmen, vagy a honlapomon tal\u00e1lhat\u00f3 kapcsolatfelv\u00e9teli \u0171rlapon kereszt\u00fcl <a href=\"https:\/\/www.rastotrnka.sk\/hu\/\">https:\/\/www.rastotrnka.sk\/<\/a> .    <\/p>\n<p>&nbsp;<\/p>\n<h5>Adatkezel\u0151<\/h5>\n<p><strong>Rastislav Trnka<\/strong> \u2013 a Kassa Megyei \u00d6nkorm\u00e1nyzat eln\u00f6kjel\u00f6ltje Adatkezel\u0151k\u00e9nt saj\u00e1t c\u00e9ljaimra kezelem az \u00d6n adatait. Ez azt jelenti, hogy \u00e9n hat\u00e1rozom meg, milyen c\u00e9lb\u00f3l gy\u0171jt\u00f6m az \u00d6n szem\u00e9lyes adatait, hat\u00e1rozom meg az adatkezel\u00e9s m\u00f3djait, \u00e9s felel\u0151s vagyok azok megfelel\u0151 v\u00e9grehajt\u00e1s\u00e1\u00e9rt.<\/p>\n<p>&nbsp;<\/p>\n<h5>K\u00f6zvet\u00edt\u0151k \u00e9s C\u00edmzettek \u2013 harmadik felek<\/h5>\n<p>Az adatkezel\u0151 bizonyos esetekben az \u00e9rintettek szem\u00e9lyes adatait a GDPR rendelet 28. cikke szerint szem\u00e9lyes adatok kezel\u00e9s\u00e9re jogosult k\u00f6zvet\u00edt\u0151k (szolg\u00e1ltat\u00f3k) \u00fatj\u00e1n is kezelheti. A k\u00f6zvet\u00edt\u0151k az Adatkezel\u0151 nev\u00e9ben kezelik az \u00e9rintettek szem\u00e9lyes adatait. A szem\u00e9lyes adatok k\u00f6zvet\u00edt\u0151n kereszt\u00fcl t\u00f6rt\u00e9n\u0151 kezel\u00e9se nincs negat\u00edv hat\u00e1ssal az \u00e9rintett jogainak gyakorl\u00e1s\u00e1ra \u00e9s \u00e9rv\u00e9nyes\u00edt\u00e9s\u00e9re. Az Adatkezel\u0151 csak olyan k\u00f6zvet\u00edt\u0151ket vesz ig\u00e9nybe, amelyek megfelel\u0151 technikai, szervez\u00e9si \u00e9s egy\u00e9b int\u00e9zked\u00e9seket tesznek annak \u00e9rdek\u00e9ben, hogy az adatkezel\u00e9s megfeleljen a GDPR k\u00f6vetelm\u00e9nyeinek, \u00e9s az \u00e9rintett jogai teljes m\u00e9rt\u00e9kben v\u00e9dve legyenek. Az adatkezel\u0151 az \u00e9rintettek szem\u00e9lyes adatainak feldolgoz\u00e1sa sor\u00e1n az adatfeldolgoz\u00f3k k\u00f6vetkez\u0151 kateg\u00f3ri\u00e1it alkalmazza:<\/p>\n<ul class=\"pl-3\">\n<li>\u2022 az Adatkezel\u0151 \u00e1ltal haszn\u00e1lt informatikai rendszerek m\u0171szaki megold\u00e1sait, webt\u00e1rhely-szolg\u00e1ltat\u00e1sait, karbantart\u00e1s\u00e1t \u00e9s t\u00e1mogat\u00e1s\u00e1t ny\u00fajt\u00f3 v\u00e1llalatok<\/li>\n<li>\u2022 marketing ter\u00fcleten szolg\u00e1ltat\u00e1sokat ny\u00fajt\u00f3 c\u00e9g<\/li>\n<li>\u2022 sz\u00e1mviteli \u00e9s ad\u00f3k\u00f6telezetts\u00e9gek ter\u00fclet\u00e9n szolg\u00e1ltat\u00e1sokat ny\u00fajt\u00f3 v\u00e1llalkoz\u00e1s<\/li>\n<\/ul>\n<p>Szem\u00e9lyes adatait az adatkezel\u0151 vagy t\u00f6rv\u00e9nyes k\u00e9pvisel\u0151 felhatalmaz\u00e1sa alapj\u00e1n elj\u00e1r\u00f3 szem\u00e9lyek, k\u00f6nyvvizsg\u00e1l\u00f3k, \u00e1llamigazgat\u00e1si \u00e9s \u00e1llami hat\u00f3s\u00e1gok ellen\u0151rz\u00e9si \u00e9s fel\u00fcgyeleti c\u00e9lb\u00f3l is megkapj\u00e1k.<\/p>\n<p>&nbsp;<\/p>\n<h5>A szem\u00e9lyes adatok feldolgoz\u00e1s\u00e1nak c\u00e9ljai \u00e9s jogalapjuk<\/h5>\n<p>A <a href=\"https:\/\/www.rastotrnka.sk\/hu\/\">https:\/\/www.rastotrnka.sk\/<\/a> weboldalon l\u00e1that\u00f3v\u00e1 k\u00edv\u00e1nom tenni tev\u00e9kenys\u00e9gemet a v\u00e1ros polg\u00e1rai \u00e9rdek\u00e9ben, ahol bizonyos folyamatok sor\u00e1n az \u0151 (\u00d6n) szem\u00e9lyes adataikat kezelik. Az al\u00e1bbiakban bemutatom a szem\u00e9lyes adatok kezel\u00e9s\u00e9nek c\u00e9ljait \u00e9s jogalapjait:<\/p>\n<ul class=\"pl-3\">\n<li><strong>\u2022 Nyilv\u00e1nos esem\u00e9nyekr\u0151l k\u00e9sz\u00fclt f\u00e9nyk\u00e9pek k\u00f6zz\u00e9t\u00e9tele a weboldalon \u00e9s a Facebook k\u00f6z\u00f6ss\u00e9gi h\u00e1l\u00f3zaton<\/strong><br \/>\nSzem\u00e9lyes adatok fogad\u00e1sa \u00e9s feldolgoz\u00e1sa f\u00e9nyk\u00e9pekkel, amelyeket ut\u00f3lag k\u00f6zz\u00e9teszek a weboldalon <a href=\"https:\/\/www.rastotrnka.sk\/hu\/\">https:\/\/www.rastotrnka.sk\/<\/a> \u00e9s a Facebook k\u00f6z\u00f6ss\u00e9gi oldalon is: <a href=\"https:\/\/www.facebook.com\/RastoTrnka\/\">https:\/\/www.facebook.com\/RastoTrnka\/<\/a> tev\u00e9kenys\u00e9gem l\u00e1that\u00f3v\u00e1 t\u00e9tele \u00e9rdek\u00e9ben a v\u00e1ros polg\u00e1rai \u00e9rdek\u00e9ben t\u00f6rt\u00e9nik, az \u00e1ltal\u00e1nos adatv\u00e9delmi rendelet 6. cikke (1) bekezd\u00e9s\u00e9nek a) pontj\u00e1val \u00f6sszhangban t\u00f6rt\u00e9nik &#8211; k\u00fcl\u00f6n\u00f6sen a hallgat\u00f3lagos hozz\u00e1j\u00e1rul\u00e1s alapj\u00e1n (hozz\u00e1j\u00e1rul\u00e1s a szem\u00e9lyes adatok feldolgoz\u00e1s\u00e1hoz). Hozz\u00e1j\u00e1rul\u00e1s\u00e1t b\u00e1rmikor visszavonhatja.   <\/li>\n<li><strong>\u2022 Kommunik\u00e1ci\u00f3 a polg\u00e1rokkal, mint \u00e9rintettekkel, k\u00fcl\u00f6nf\u00e9le kommunik\u00e1ci\u00f3s csatorn\u00e1kon kereszt\u00fcl<\/strong><br \/>\nHa telefonon, e-mailben vagy kapcsolatfelv\u00e9teli \u0171rlapon szeretne kapcsolatba l\u00e9pni velem, mint pl. ha meg\u00edrja nekem v\u00e9lem\u00e9ny\u00e9t, \u00e9rt\u00e9kel\u00e9s\u00e9t, panasz\u00e1t, kifog\u00e1s\u00e1t, vagy b\u00e1rmilyen k\u00e9rd\u00e9s, probl\u00e9ma megold\u00e1sa \u00e9rdek\u00e9ben, ne habozzon kapcsolatba l\u00e9pni velem, \u00e9s sz\u00edvesen seg\u00edtek. E c\u00e9lb\u00f3l az \u00d6n kapcsolattart\u00e1si szem\u00e9lyes adatait az \u00e1ltal\u00e1nos adatv\u00e9delmi rendelet 6. cikke (1) bekezd\u00e9s\u00e9nek f) pontja \u00e9rtelm\u00e9ben kezelem. Jogos \u00e9rdekem ebben az esetben az \u00e9rdekl\u0151d\u0151k seg\u00edt\u00e9se, de harmadik felek k\u00e9rd\u00e9seinek, k\u00e9r\u00e9seinek, panaszainak kezel\u00e9se is. Joga van b\u00e1rmikor tiltakozni az ilyen feldolgoz\u00e1s ellen.       <\/li>\n<\/ul>\n<p>&nbsp;<\/p>\n<h5>A feldolgozott szem\u00e9lyes adatok list\u00e1ja<\/h5>\n<p>Az adatkezel\u00e9s konkr\u00e9t c\u00e9lj\u00e1t\u00f3l f\u00fcgg\u0151en az \u00d6n szem\u00e9lyes adatainak k\u00fcl\u00f6nb\u00f6z\u0151 kateg\u00f3ri\u00e1it kezelj\u00fck, nevezetesen:<\/p>\n<ul class=\"pl-3\">\n<li><strong>a) Nyilv\u00e1nos esem\u00e9nyekr\u0151l k\u00e9sz\u00fclt fot\u00f3k k\u00f6zz\u00e9t\u00e9tele a honlapon \u00e9s a Facebook k\u00f6z\u00f6ss\u00e9gi oldalon<\/strong><br \/>\n\u2013 nyilv\u00e1nos esem\u00e9nyek pillanatait meg\u00f6r\u00f6k\u00edt\u0151 fot\u00f3k<\/li>\n<li><strong>b) Kommunik\u00e1ci\u00f3 az \u00e9rintettekkel k\u00fcl\u00f6nb\u00f6z\u0151 kommunik\u00e1ci\u00f3s csatorn\u00e1kon kereszt\u00fcl<\/strong><br \/>\n\u2013 n\u00e9v, e-mail, \u00fczenet sz\u00f6vege, telefonsz\u00e1m kiv\u00e9teles esetben.<\/li>\n<\/ul>\n<p>&nbsp;<\/p>\n<h5>A szem\u00e9lyes adatok feldolgoz\u00e1s\u00e1nak \u00e9s t\u00e1rol\u00e1s\u00e1nak id\u0151tartama<\/h5>\n<p>A GDPR 6. cikke (1) bekezd\u00e9s\u00e9nek a) pontja szerint feldolgozott szem\u00e9lyes adatok &#8211; a hallgat\u00f3lagos hozz\u00e1j\u00e1rul\u00e1s alapj\u00e1n (a szem\u00e9lyes adatok feldolgoz\u00e1s\u00e1hoz val\u00f3 hozz\u00e1j\u00e1rul\u00e1s) 4 \u00e9vig vagy a hozz\u00e1j\u00e1rul\u00e1s visszavon\u00e1s\u00e1ig. Az adatkezel\u00e9si id\u0151szak lej\u00e1rta \u00e9s az adatkezel\u00e9s folytat\u00e1sa ir\u00e1nti folyamatos \u00e9rdekl\u0151d\u00e9sem eset\u00e9n felkeresem az \u00e9rintettet, amikor a szem\u00e9lyes adatok meghat\u00e1rozott c\u00e9l\u00fa kezel\u00e9s\u00e9hez adott hozz\u00e1j\u00e1rul\u00e1s meg\u00faj\u00edthat\u00f3 \u00e9s a k\u00f6vetkez\u0151 id\u0151szakra meghosszabb\u00edthat\u00f3. Ha ism\u00e9telten nem adja meg hozz\u00e1j\u00e1rul\u00e1s\u00e1t, vagy nem v\u00e1laszol a kapcsolatfelv\u00e9telre, a tov\u00e1bbiakban nem kezelem szem\u00e9lyes adatait &#8211; pl. automatikusan t\u00f6rl\u00f6m \u0151ket a nyilv\u00e1ntart\u00e1sb\u00f3l, technikailag t\u00f6rl\u00f6m az elektronikus adatokat a rendszerekb\u0151l, \u00e9s a fizikai adatokat megsemmis\u00edtem. A GDPR rendelet 6. cikke (1) bekezd\u00e9s\u00e9nek f) pontja \u00e9rtelm\u00e9ben &#8211; jogos \u00e9rdek alapj\u00e1n &#8211; feldolgozott szem\u00e9lyes adatokat, amelyeket az \u00d6n \u00e1ltal a ny\u00fajtott szolg\u00e1ltat\u00e1sokkal kapcsolatban beny\u00fajtott megkeres\u00e9s\/javaslat vagy k\u00e9rd\u00e9s alapj\u00e1n kaptunk, \u00e9s amelyeket ezt k\u00f6vet\u0151en nem tov\u00e1bb\u00edtottunk m\u00e1s jogi elj\u00e1r\u00e1snak tov\u00e1bbi feldolgoz\u00e1s c\u00e9lj\u00e1b\u00f3l, halad\u00e9ktalanul t\u00f6rl\u00e9sre ker\u00fcl. Adatkezel\u0151k\u00e9nt biztos\u00edtom a szem\u00e9lyes adatok indokolatlan k\u00e9sedelem n\u00e9lk\u00fcli t\u00f6rl\u00e9s\u00e9t, miut\u00e1n:      <\/p>\n<ul class=\"pl-3\">\n<li>&#8211; minden olyan adatkezel\u00e9si c\u00e9l megval\u00f3sult, amelyhez hozz\u00e1j\u00e1rul\u00e1s\u00e1t adta, ha az adatkezel\u00e9sre az \u00e9rintett hozz\u00e1j\u00e1rul\u00e1sa alapj\u00e1n ker\u00fclt sor; \u00e9s\/vagy<\/li>\n<li>&#8211; a hozz\u00e1j\u00e1rul\u00e1s megad\u00e1s\u00e1nak id\u0151tartama lej\u00e1rt, vagy az \u00e9rintett visszavonta hozz\u00e1j\u00e1rul\u00e1s\u00e1t; \u00e9s\/vagy<\/li>\n<li>&#8211; az \u00e9rintett szem\u00e9lyes adatok t\u00f6rl\u00e9se ir\u00e1nti k\u00e9relm\u00e9nek helyt adtak, \u00e9s teljes\u00fclt a k\u00e9relem teljes\u00edt\u00e9s\u00e9t indokl\u00f3 okok egyike; \u00e9s\/vagy<\/li>\n<li>&#8211; olyan jogi esem\u00e9ny k\u00f6vetkezett be, amely meghat\u00e1roz\u00f3 az adatkezel\u00e9s c\u00e9lj\u00e1nak megsz\u0171n\u00e9se szempontj\u00e1b\u00f3l, \u00e9s ezzel egyidej\u0171leg lej\u00e1rt a szem\u00e9lyes adatok meg\u0151rz\u00e9si idej\u00e9nek minimaliz\u00e1l\u00e1s\u00e1nak elv\u00e9re tekintettel meghat\u00e1rozott v\u00e9delmi meg\u0151rz\u00e9si id\u0151szak;<\/li>\n<li>&#8211; \u00e9s egy\u00fattal az Adatkezel\u0151 jogos \u00e9rdeke sem tart.<\/li>\n<\/ul>\n<p>A v\u00e9letlenszer\u0171en gy\u0171jt\u00f6tt szem\u00e9lyes adatokat nem dolgozom fel szisztematikusan tov\u00e1bb semmilyen \u00e1ltalam meghat\u00e1rozott c\u00e9lb\u00f3l. Amennyiben lehets\u00e9ges, t\u00e1j\u00e9koztatjuk azt az \u00e9rintettet, akihez a v\u00e9letlen\u00fcl megszerzett szem\u00e9lyes adatok tartoznak, azok v\u00e9letlen megszerz\u00e9s\u00e9r\u0151l, \u00e9s adott esetben biztos\u00edtom sz\u00e1m\u00e1ra a szem\u00e9lyes adatai feletti ellen\u0151rz\u00e9s visszaszerz\u00e9s\u00e9hez sz\u00fcks\u00e9ges egy\u00fcttm\u0171k\u00f6d\u00e9st. A helyzet megold\u00e1s\u00e1hoz sz\u00fcks\u00e9ges int\u00e9zked\u00e9seket k\u00f6vet\u0151en a v\u00e9letlen\u00fcl \u00f6sszegy\u0171jt\u00f6tt szem\u00e9lyes adatokat azonnal, biztons\u00e1gos m\u00f3don megsemmis\u00edtem. Ha tov\u00e1bbi inform\u00e1ci\u00f3kat szeretne szem\u00e9lyes adatai konkr\u00e9t meg\u0151rz\u00e9si idej\u00e9r\u0151l, k\u00e9rem, l\u00e9pjen kapcsolatba velem a weboldalamon megadott el\u00e9rhet\u0151s\u00e9geimen.  <\/p>\n<p>&nbsp;<\/p>\n<h5>A szem\u00e9lyes adatok hat\u00e1rokon \u00e1tny\u00fal\u00f3 tov\u00e1bb\u00edt\u00e1sa \u00e9s a k\u00f6z\u00f6s adatkezel\u0151re vonatkoz\u00f3 inform\u00e1ci\u00f3k<\/h5>\n<p>A hat\u00e1rokon \u00e1tny\u00fal\u00f3 tov\u00e1bb\u00edt\u00e1s a nyilv\u00e1nos esem\u00e9nyekr\u0151l k\u00e9sz\u00fclt f\u00e9nyk\u00e9pek <strong>Facebook<\/strong> k\u00f6z\u00f6ss\u00e9gi h\u00e1l\u00f3zaton val\u00f3 k\u00f6zz\u00e9t\u00e9tel\u00e9nek r\u00e9szek\u00e9nt t\u00f6rt\u00e9nik. Annak \u00e9rdek\u00e9ben, hogy tev\u00e9kenys\u00e9geimet a nagyk\u00f6z\u00f6ns\u00e9g sz\u00e1m\u00e1ra is l\u00e1that\u00f3v\u00e1 tegyem, l\u00e9trehoztam egy profilt <a href=\"https:\/\/www.facebook.com\/RastoTrnka\/\">https:\/\/www.facebook.com\/RastoTrnka\/<\/a> (rajong\u00f3i oldal), m\u00edg az Eur\u00f3pai Uni\u00f3 B\u00edr\u00f3s\u00e1ga (nagykamara) 2018. j\u00fanius 5-i \u00edt\u00e9lete<\/p>\n<p> (*)(i) a C 210\/16. sz. Unabh\u00e4ngiges Landeszentrum f\u00fcr Datenschutz Schleswig Holstein v. Wirtschaftsakademie Schleswig Holstein GmbH, r\u00e9szv\u00e9tel\u00e9vel: Facebook Ireland Ltd, Vertreter des Bundesinteresses beim Bundesverwaltungsgericht \u00e9s az Eur\u00f3pai Uni\u00f3 B\u00edr\u00f3s\u00e1g\u00e1nak 2019. j\u00falius 29-i \u00edt\u00e9lete a C 40\/17 Fashion ID GmbH &amp; Co. KG kontra Verbraucherzentrale NRW eV, a Facebook Ireland Ltd, a Landesbeauftragte f\u00fcr Datenschutz und Informationsfreiheit Nordrhein Westfalen, a Facebook Ireland Ltd \u00e9s j\u00f3magam r\u00e9szv\u00e9tel\u00e9vel k\u00f6z\u00f6s adatkezel\u0151nek min\u0151s\u00fcl\u00fcnk. A rajong\u00f3i oldalam 16 \u00e9ven fel\u00fcliek sz\u00e1m\u00e1ra el\u00e9rhet\u0151. \u00c9n, mint adatkezel\u0151, anonim statisztikai adatokat is gy\u0171jthetek az oldal l\u00e1togat\u00f3ir\u00f3l. Ezeket az adatokat S\u00fctik seg\u00edts\u00e9g\u00e9vel gy\u0171jtik, amelyek mindegyike egy egyedi felhaszn\u00e1l\u00f3i k\u00f3dot tartalmaz, amely 2 \u00e9vig akt\u00edv, \u00e9s amelyet a Facebook Ireland Ltd. a rajong\u00f3i oldal l\u00e1togat\u00f3j\u00e1nak sz\u00e1m\u00edt\u00f3g\u00e9p\u00e9n vagy m\u00e1s eszk\u00f6z\u00e9n t\u00e1rol a merevlemezen. A rajong\u00f3i oldalak megnyit\u00e1sakor egy felhaszn\u00e1l\u00f3i k\u00f3dot gy\u0171jtenek \u00e9s dolgoznak fel, amely a Facebookon regisztr\u00e1lt felhaszn\u00e1l\u00f3k kapcsolati adataihoz t\u00e1rs\u00edthat\u00f3. A Facebook rajong\u00f3i oldal l\u00e9trehoz\u00e1s\u00e1val az \u00fczemeltet\u0151 enged\u00e9lyezi a Facebook sz\u00e1m\u00e1ra, hogy S\u00fctiket helyezzen el a rajong\u00f3i oldal\u00e1t l\u00e1togat\u00f3 szem\u00e9ly sz\u00e1m\u00edt\u00f3g\u00e9p\u00e9n vagy b\u00e1rmely m\u00e1s eszk\u00f6z\u00e9n, f\u00fcggetlen\u00fcl att\u00f3l, hogy az adott szem\u00e9ly rendelkezik-e Facebook-fi\u00f3kkal vagy sem. Ezen felt\u00e9telek mellett az adatkezel\u0151 \u00e9s a Facebook k\u00f6z\u00f6sen felel\u0151sek a rajong\u00f3i oldal felhaszn\u00e1l\u00f3inak szem\u00e9lyes adatainak feldolgoz\u00e1s\u00e1\u00e9rt a GDPR-nak megfelel\u0151en. Az ilyen m\u00f3don haszn\u00e1lt s\u00fctiket kiz\u00e1r\u00f3lag a Facebook Ireland Ltd. kezeli. A szem\u00e9lyes adatok \u00e9s a S\u00fctik kezel\u00e9s\u00e9nek elvei: <a href=\"https:\/\/www.facebook.com\/about\/privacy\/\">https:\/\/www.facebook.com\/about\/privacy\/<\/a> \u00e9s <a href=\"https:\/\/www.facebook.com\/policies\/cookies\/\">https:\/\/www.facebook.com\/policies\/cookies\/<\/a>. <\/p>\n<p>Az adatkezel\u0151 a felhaszn\u00e1l\u00f3k szem\u00e9lyes adatainak egy\u00e9b kateg\u00f3ri\u00e1it is feldolgozza a rajong\u00f3i oldalon bel\u00fcl (a felhaszn\u00e1l\u00f3 profilbe\u00e1ll\u00edt\u00e1sait\u00f3l f\u00fcgg\u0151en), ha p\u00e9ld\u00e1ul a felhaszn\u00e1l\u00f3 v\u00e1laszol az adatkezel\u0151 bejegyz\u00e9seire, megosztja a bejegyz\u00e9seket, vagy olyan gombokat haszn\u00e1l, mint a Tetszik gombok, stb. A felhaszn\u00e1l\u00f3k szem\u00e9lyes adatainak megad\u00e1sa \u00f6nk\u00e9ntes, megad\u00e1sa n\u00e9lk\u00fcl a szem\u00e9lyes adatok kezel\u00e9se nem t\u00f6rt\u00e9nik meg. Az ilyen adatkezel\u00e9s jogos indok alapj\u00e1n lehets\u00e9ges, amely a GDPR 6. cikke (1) bekezd\u00e9s\u00e9nek f) pontja \u00e9rtelm\u00e9ben az adatkezel\u0151 jogos \u00e9rdeke. Az adatkezel\u0151 jogos \u00e9rdeke a v\u00e1ros \u00e9let\u00e9r\u0151l, aktu\u00e1lis esem\u00e9nyekr\u0151l, l\u00e1tnival\u00f3kr\u00f3l \u00e9s rendezv\u00e9nyekre val\u00f3 megh\u00edv\u00e1sokr\u00f3l sz\u00f3l\u00f3 inform\u00e1ci\u00f3k megoszt\u00e1sa. A szem\u00e9lyes adatokat a Facebook Ireland Ltd. tov\u00e1bb dolgozza fel, \u00e9s meghat\u00e1rozott esetekben az ellen\u0151rz\u0151 hat\u00f3s\u00e1g vagy b\u0171n\u00fcld\u00f6z\u0151 hat\u00f3s\u00e1gok rendelkez\u00e9s\u00e9re bocs\u00e1that\u00f3k vagy hozz\u00e1f\u00e9rhet\u0151k. Amikor szem\u00e9lyes adatokat tov\u00e1bb\u00edt az Egyes\u00fclt \u00c1llamokba \u00e9s harmadik orsz\u00e1gokba, a Facebook az Eur\u00f3pai Bizotts\u00e1g \u00e1ltal j\u00f3v\u00e1hagyott \u00e1ltal\u00e1nos szerz\u0151d\u00e9si felt\u00e9teleket, valamint adott esetben az egyes orsz\u00e1gokba t\u00f6rt\u00e9n\u0151 tov\u00e1bb\u00edt\u00e1sra vonatkoz\u00f3 megfelel\u0151s\u00e9gi hat\u00e1rozatokat alkalmazza. A felhaszn\u00e1l\u00f3, mint \u00e9rintett, gyakorolhatja jogait szem\u00e9lyes adatai kezel\u00e9s\u00e9vel kapcsolatban &#8211; ezek list\u00e1ja \u00e9s alkalmaz\u00e1s\u00e1nak m\u00f3dja az \u00c9rintett jogai c\u00edm\u0171 r\u00e9szben tal\u00e1lhat\u00f3.        <\/p>\n<p>&nbsp;<\/p>\n<h5>Az \u00e9rintett jogai \u00e9s k\u00f6telezetts\u00e9gei<\/h5>\n<ul class=\"pl-3\">\n<li>\u2022 Az \u00e9rintett csak teljes \u00e9s val\u00f3s adatot k\u00f6teles megadni.<\/li>\n<li>\u2022 Az \u00e9rintett v\u00e1llalja, hogy adatait a v\u00e1ltoz\u00e1st k\u00f6vet\u0151en a lehet\u0151 legr\u00f6videbb id\u0151n bel\u00fcl friss\u00edti.<\/li>\n<li>\u2022 Az \u00e9rintett v\u00e1llalja, hogy amennyiben harmadik szem\u00e9ly szem\u00e9lyes adatait (n\u00e9v, vezet\u00e9kn\u00e9v, telefonsz\u00e1m) adja meg, azt kiz\u00e1r\u00f3lag az \u0151 hozz\u00e1j\u00e1rul\u00e1s\u00e1val teszi, \u00e9s hogy az \u00e9rintett tiszt\u00e1ban van a weboldalon meghat\u00e1rozott elj\u00e1r\u00e1sokkal, jogokkal \u00e9s k\u00f6telezetts\u00e9gekkel.<\/li>\n<li>\u2022 Honlapom l\u00e1togat\u00f3jak\u00e9nt \u00e9s \u00e9rintettk\u00e9nt jogosult d\u00f6nteni szem\u00e9lyes adatainak meghat\u00e1rozott k\u00f6rben t\u00f6rt\u00e9n\u0151 kezel\u00e9s\u00e9r\u0151l. Az al\u00e1bbiakban felsorolt jogait gyakorolhatja:<br \/>\n&#8211; E-mailben: <a href=\"mailto:info@rastotrnka.sk\">info@rastotrnka.sk<\/a>;<br \/>\n&#8211; \u00cdr\u00e1sban az Adatkezel\u0151 c\u00edm\u00e9re: Ing. Rastislav Trnka, Drevn\u00fd trh 5, 040 01 Ko\u0161ice<\/li>\n<\/ul>\n<p>&nbsp;<\/p>\n<p><strong>Igyekszem a lehet\u0151 leghamarabb v\u00e1laszolni, de mindig a k\u00e9relem be\u00e9rkez\u00e9s\u00e9t\u0151l sz\u00e1m\u00edtott 30 napon bel\u00fcl v\u00e1laszolok. A hat\u00e1lyos jogszab\u00e1lyok \u00e9s a GDPR rendelet, ill. a t\u00f6rv\u00e9ny k\u00fcl\u00f6n\u00f6sen a k\u00f6vetkez\u0151ket biztos\u00edtja:  <\/strong><\/p>\n<p><strong>Hozz\u00e1f\u00e9r\u00e9si jog<\/strong> &#8211; \u00d6n jogosult arra, hogy a rendelet 15. cikke vagy a t\u00f6rv\u00e9ny 21. szakasza alapj\u00e1n meger\u0151s\u00edt\u00e9st k\u00e9rjen t\u0151lem arr\u00f3l, hogy szem\u00e9lyes adatainak kezel\u00e9se folyamatban van-e, \u00e9s ha igen, akkor az adatok m\u00e1solat\u00e1t \u00e9s tov\u00e1bbi inform\u00e1ci\u00f3kat k\u00e9rjen. Ha nagy mennyis\u00e9g\u0171 adatot gy\u0171jt\u00f6k \u00d6nr\u0151l, k\u00e9rhetem, hogy pontos\u00edtsa az \u00d6nr\u0151l feldolgozott konkr\u00e9t adatok k\u00f6r\u00e9re vonatkoz\u00f3 k\u00e9r\u00e9s\u00e9t.   <\/p>\n<p><strong>Helyesb\u00edt\u00e9shez val\u00f3 jog<\/strong> &#8211; Annak \u00e9rdek\u00e9ben, hogy mindig csak naprak\u00e9sz szem\u00e9lyes adatokat kezelhessek \u00d6nr\u0151l, sz\u00fcks\u00e9gem van arra, hogy b\u00e1rmilyen v\u00e1ltoz\u00e1sr\u00f3l \u00e9rtes\u00edtsen, amint az bek\u00f6vetkezik. Ha helytelen adatokat kezelek \u00d6nr\u0151l, joga van k\u00e9rni azok helyesb\u00edt\u00e9s\u00e9t. <\/p>\n<p><strong>T\u00f6rl\u00e9shez val\u00f3 jog<\/strong> &#8211; Ha a rendelet 14. cikk\u00e9ben vagy a t\u00f6rv\u00e9ny 23. cikk\u00e9ben foglalt felt\u00e9telek teljes\u00fclnek, \u00d6n k\u00e9rheti szem\u00e9lyes adatainak t\u00f6rl\u00e9s\u00e9t. Ez\u00e9rt k\u00e9rheti a t\u00f6rl\u00e9st, ha p\u00e9ld\u00e1ul visszavonta a szem\u00e9lyes adatai feldolgoz\u00e1s\u00e1hoz adott hozz\u00e1j\u00e1rul\u00e1s\u00e1t, \u00e9s nincs m\u00e1s jogalapja a feldolgoz\u00e1snak, vagy ha a szem\u00e9lyes adatait jogellenesen kezelem, vagy ha a szem\u00e9lyes adatai feldolgoz\u00e1s\u00e1nak c\u00e9lja megsz\u0171nt, \u00e9s nem kezelem azokat m\u00e1s \u00f6sszeegyeztethet\u0151 c\u00e9lb\u00f3l. Nem t\u00f6rl\u00f6m azonban az adatait, ha az jogi ig\u00e9nyek el\u0151terjeszt\u00e9s\u00e9hez, \u00e9rv\u00e9nyes\u00edt\u00e9s\u00e9hez vagy v\u00e9delm\u00e9hez sz\u00fcks\u00e9ges.   <\/p>\n<p><strong>Az adatkezel\u00e9s korl\u00e1toz\u00e1s\u00e1hoz val\u00f3 jog<\/strong> &#8211; Ha a rendelet 18. cikk\u00e9ben vagy a t\u00f6rv\u00e9ny 24. cikk\u00e9ben foglalt felt\u00e9telek teljes\u00fclnek, k\u00e9rheti, hogy korl\u00e1tozzam a szem\u00e9lyes adatai feldolgoz\u00e1s\u00e1t. Ez\u00e9rt k\u00e9rheti az adatok korl\u00e1toz\u00e1s\u00e1t p\u00e9ld\u00e1ul akkor, ha kifog\u00e1solja a feldolgozott adatok pontoss\u00e1g\u00e1t, vagy ha a feldolgoz\u00e1s jogellenes, \u00e9s nem szeretn\u00e9, hogy t\u00f6r\u00f6ljem az adatokat, de sz\u00fcks\u00e9ge van a feldolgoz\u00e1s korl\u00e1toz\u00e1s\u00e1ra, am\u00edg gyakorolja jogait. Tov\u00e1bbra is kezelem az adatait, ha jogi ig\u00e9nyek el\u0151terjeszt\u00e9s\u00e9hez, \u00e9rv\u00e9nyes\u00edt\u00e9s\u00e9hez vagy v\u00e9delm\u00e9hez van okom.   <\/p>\n<p><strong>A hordozhat\u00f3s\u00e1ghoz val\u00f3 jog<\/strong> &#8211; Ha a feldolgoz\u00e1s az \u00d6n hozz\u00e1j\u00e1rul\u00e1s\u00e1n alapul, \u00e9s a feldolgoz\u00e1st automatiz\u00e1lt eszk\u00f6z\u00f6kkel is v\u00e9gzem, joga van ahhoz, hogy az \u00d6nt\u0151l gy\u0171jt\u00f6tt szem\u00e9lyes adatait \u00e1ltal\u00e1nosan haszn\u00e1lt, g\u00e9ppel olvashat\u00f3 form\u00e1tumban megkapja. Ha \u00d6n ezt k\u00edv\u00e1nja, \u00e9s ez technikailag megval\u00f3s\u00edthat\u00f3, szem\u00e9lyes adatait k\u00f6zvetlen\u00fcl tov\u00e1bb\u00edtom egy m\u00e1sik adatkezel\u0151nek. <\/p>\n<p><strong>Az adatkezel\u00e9s elleni tiltakoz\u00e1s joga<\/strong> \u2013 Amennyiben a szem\u00e9lyes adatok feldolgoz\u00e1s\u00e1ra jogos \u00e9rdekek vagy egy harmadik f\u00e9l jogos \u00e9rdekei alapj\u00e1n ker\u00fcl sor, jogosult tiltakozni a feldolgoz\u00e1s ellen. A tiltakoz\u00e1sa eset\u00e9n korl\u00e1tozzuk a szem\u00e9lyes adatainak feldolgoz\u00e1s\u00e1t, \u00e9s amennyiben nem tudunk olyan k\u00e9nyszer\u00edt\u0151 erej\u0171 jogos okot igazolni az adatkezel\u00e9sre, amely els\u0151bbs\u00e9get \u00e9lvez az \u00e9rdekeivel, jogaival \u00e9s szabads\u00e1gaival szemben, vagy jogi ig\u00e9nyek el\u0151terjeszt\u00e9s\u00e9hez, \u00e9rv\u00e9nyes\u00edt\u00e9s\u00e9hez vagy v\u00e9delm\u00e9hez sz\u00fcks\u00e9ges, nem kezelj\u00fck tov\u00e1bb az \u00d6n szem\u00e9lyes adatait, \u00e9s t\u00f6r\u00f6lj\u00fck azokat. Jogosult arra, hogy b\u00e1rmikor tiltakozzon a szem\u00e9lyes adatok k\u00f6zvetlen \u00fczletszerz\u00e9s c\u00e9lj\u00e1b\u00f3l t\u00f6rt\u00e9n\u0151 feldolgoz\u00e1sa ellen, bele\u00e9rtve a profilalkot\u00e1st is, amennyiben az ilyen k\u00f6zvetlen \u00fczletszerz\u00e9shez kapcsol\u00f3dik. A kifog\u00e1s emel\u00e9s\u00e9t k\u00f6vet\u0151en a tov\u00e1bbiakban nem kezelem szem\u00e9lyes adatait ebb\u0151l a c\u00e9lb\u00f3l.   <\/p>\n<p><strong>Panaszt\u00e9telhez val\u00f3 jog<\/strong> &#8211; Ha \u00fagy v\u00e9li, hogy szem\u00e9lyes adatainak feldolgoz\u00e1sa s\u00e9rti a rendeletet vagy a t\u00f6rv\u00e9nyt, joga van panaszt tenni az illet\u00e9kes fel\u00fcgyeleti hat\u00f3s\u00e1gok egyik\u00e9n\u00e9l, k\u00fcl\u00f6n\u00f6sen a szok\u00e1sos tart\u00f3zkod\u00e1si helye, munkahelye vagy az \u00e1ll\u00edt\u00f3lagos jogs\u00e9rt\u00e9s helye szerinti tag\u00e1llamban. A Szlov\u00e1k K\u00f6zt\u00e1rsas\u00e1g ter\u00fclet\u00e9n a fel\u00fcgyeleti hat\u00f3s\u00e1g a Szem\u00e9lyes Adatok V\u00e9delmi Hivatala, sz\u00e9khelye: Hrani\u010dn\u00e1 4826\/12, 820 07 Bratislava, Szlov\u00e1k K\u00f6zt\u00e1rsas\u00e1g, honlap: <a href=\"http:\/\/www.dataprotection.gov.sk\">www.dataprotection.gov.sk<\/a>, telefon: + 421 \/2\/ 3231 3220.  <\/p>\n<p><strong>A hozz\u00e1j\u00e1rul\u00e1s visszavon\u00e1s\u00e1hoz val\u00f3 jog<\/strong> &#8211; Ha a szem\u00e9lyes adatainak feldolgoz\u00e1sa hozz\u00e1j\u00e1rul\u00e1son alapul, \u00d6n jogosult arra, hogy hozz\u00e1j\u00e1rul\u00e1s\u00e1t b\u00e1rmikor visszavonja. A hozz\u00e1j\u00e1rul\u00e1s visszavon\u00e1sa nem \u00e9rinti a m\u00e1r elv\u00e9gzett adatkezel\u00e9st. Ha k\u00e9s\u0151bb \u00fagy d\u00f6nt, hogy ism\u00e9t szeretne marketingaj\u00e1nlatokat kapni, a fent felsorolt kapcsolattart\u00e1si m\u00f3dok b\u00e1rmelyik\u00e9vel b\u00e1rmikor \u00fajra megadhatja visszavont hozz\u00e1j\u00e1rul\u00e1s\u00e1t (vagy tiltakoz\u00e1s\u00e1t).   <\/p>\n<p>&nbsp;<\/p>\n<h5>A Hivatal \u00e9s a felel\u0151s szem\u00e9ly el\u00e9rhet\u0151s\u00e9gei<\/h5>\n<p>A Szlov\u00e1k K\u00f6zt\u00e1rsas\u00e1g Szem\u00e9lyes Adatv\u00e9delmi Hivatala<br \/>\nC\u00edm:<br \/>\nHrani\u010dn\u00e1 12<br \/>\n820 07, Bratislava 27<br \/>\nSzlov\u00e1k K\u00f6zt\u00e1rsas\u00e1g<br \/>\nStatisztikai sz\u00e1mjel: 36 064 220<\/p>\n<p>Iktat\u00f3:<br \/>\nH\u00e9tf\u0151t\u0151l cs\u00fct\u00f6rt\u00f6kig: 8:00 &#8211; 15:00<br \/>\np\u00e9nteken: 8:00 &#8211; 14:00<\/p>\n<p>Telefonos konzult\u00e1ci\u00f3k az adatv\u00e9delemr\u0151l:<br \/>\nkedden \u00e9s cs\u00fct\u00f6rt\u00f6k\u00f6n 8:00 \u00e9s 12:00 \u00f3ra k\u00f6z\u00f6tt +421 2 323 132 20<br \/>\nA Hat\u00f3s\u00e1g eln\u00f6k\u00e9nek titk\u00e1rs\u00e1ga +421 2 323 132 11<br \/>\nHivatal titk\u00e1rs\u00e1ga +421 2 323 132 14<br \/>\nFax: +421 2 323 132 34<br \/>\nSz\u00f3viv\u0151:<br \/>\nmobil: 0910 985 794<br \/>\ne-mail: <a href=\"mailto:hovorca@pdp.gov.sk\">hovorca@pdp.gov.sk<\/a><\/p>\n<p>E-mail c\u00edm:<\/p>\n<ul class=\"pl-3\">\n<li>a) \u00e1ltal\u00e1noss\u00e1gban: <a href=\"mailto:statny.dozor@pdp.gov.sk\">statny.dozor@pdp.gov.sk<\/a><\/li>\n<li>b) a 211\/2000 sz. t\u00f6rv\u00e9ny szerinti inform\u00e1ci\u00f3szolg\u00e1ltat\u00e1sra vonatkoz\u00f3an: <a href=\"mailto:info@pdp.gov.sk\">info@pdp.gov.sk<\/a><\/li>\n<li>c) weboldal: <a href=\"mailto:webmaster@pdp.gov.sk\">webmaster@pdp.gov.sk<\/a><\/li>\n<li>d) az inform\u00e1ci\u00f3hoz val\u00f3 szabad hozz\u00e1f\u00e9r\u00e9sr\u0151l sz\u00f3l\u00f3 211\/2000. sz. t\u00f6rv\u00e9ny szerinti inform\u00e1ci\u00f3k\u00e9r\u00e9sek beny\u00fajt\u00e1s\u00e1ra szolg\u00e1l\u00f3 online \u0171rlap haszn\u00e1lata.  <\/li>\n<li>e) az az e-mail c\u00edm, amelyen kereszt\u00fcl a Hat\u00f3s\u00e1g tan\u00e1csot ad \u00d6nnek az adatv\u00e9delemmel kapcsolatban. Gyermekeknek, fiataloknak, di\u00e1koknak, tan\u00e1roknak \u00e9s sz\u00fcl\u0151knek sz\u00f3l, akik azt gyan\u00edtj\u00e1k, hogy szem\u00e9lyes adataikkal vissza\u00e9ltek: <a href=\"mailto:ochrana@pdp.gov.sk\">ochrana@pdp.gov.sk<\/a> <\/li>\n<\/ul>\n<p>A szem\u00e9lyes adatok v\u00e9delm\u00e9re vonatkoz\u00f3 elj\u00e1r\u00e1s kezdem\u00e9nyez\u00e9s\u00e9re vonatkoz\u00f3 sablon megtal\u00e1lhat\u00f3 a Hivatal honlapj\u00e1n (<a href=\"https:\/\/dataprotection.gov.sk\/uoou\/sk\/content\/konanie-o-ochrane-osobnych-udajov\">https:\/\/dataprotection.gov.sk\/uoou\/sk\/content\/konanie-o-ochrane-osobnych-udajov<\/a>).<\/p>\n","protected":false},"excerpt":{"rendered":"<p>Az adatkezel\u0151 nyilatkozata a szem\u00e9lyes adatok feldolgoz\u00e1s\u00e1r\u00f3l \u00c9n, Rastislav Trnka, mint adatkezel\u0151 (a tov\u00e1bbiakban: adatkezel\u0151) kijelentem, hogy az \u00e9rintettek jogainak v\u00e9delm\u00e9t biztos\u00edt\u00f3 megfelel\u0151 technikai \u00e9s szervez\u00e9si int\u00e9zked\u00e9seket megtettem, amelyek kijelentik a szem\u00e9lyes adatok jogszer\u0171 kezel\u00e9s\u00e9t. Az al\u00e1bbiakban a term\u00e9szetes szem\u00e9lyeknek a szem\u00e9lyes adatok kezel\u00e9se tekintet\u00e9ben t\u00f6rt\u00e9n\u0151 v\u00e9delm\u00e9r\u0151l \u00e9s az ilyen adatok szabad \u00e1raml\u00e1s\u00e1r\u00f3l, valamint a [&hellip;]<\/p>\n","protected":false},"author":1,"featured_media":0,"parent":0,"menu_order":0,"comment_status":"closed","ping_status":"closed","template":"","meta":{"footnotes":""},"class_list":["post-277","page","type-page","status-publish","hentry"],"acf":[],"_links":{"self":[{"href":"https:\/\/www.rastotrnka.sk\/hu\/wp-json\/wp\/v2\/pages\/277"}],"collection":[{"href":"https:\/\/www.rastotrnka.sk\/hu\/wp-json\/wp\/v2\/pages"}],"about":[{"href":"https:\/\/www.rastotrnka.sk\/hu\/wp-json\/wp\/v2\/types\/page"}],"author":[{"embeddable":true,"href":"https:\/\/www.rastotrnka.sk\/hu\/wp-json\/wp\/v2\/users\/1"}],"replies":[{"embeddable":true,"href":"https:\/\/www.rastotrnka.sk\/hu\/wp-json\/wp\/v2\/comments?post=277"}],"version-history":[{"count":0,"href":"https:\/\/www.rastotrnka.sk\/hu\/wp-json\/wp\/v2\/pages\/277\/revisions"}],"wp:attachment":[{"href":"https:\/\/www.rastotrnka.sk\/hu\/wp-json\/wp\/v2\/media?parent=277"}],"curies":[{"name":"wp","href":"https:\/\/api.w.org\/{rel}","templated":true}]}}